{"id":171,"date":"2016-12-16T16:18:22","date_gmt":"2016-12-16T15:18:22","guid":{"rendered":"http:\/\/www.aufkleber-druck-profi.de\/?page_id=171"},"modified":"2017-05-22T09:00:04","modified_gmt":"2017-05-22T07:00:04","slug":"papier-folie","status":"publish","type":"page","link":"http:\/\/www.buchstaben-profi.de\/?page_id=171","title":{"rendered":"Papier &#038; Folie"},"content":{"rendered":"<p>Am h\u00e4ufigsten werden Buchstaben aus Papier und Folie eingesetzt. Beide Varianten sind selbstklebend sowohl in Standard- als auch in individuellen Schriften erh\u00e4ltlich. Auch farblich h\u00e4lt die Industrie eine gro\u00dfe Auswahl vor. Was die Preise angeht, sind Papier- und Folienbuchstaben kaum zu unterbieten. Ein gro\u00dfer Vorteil von selbstklebender Folie ist zudem, dass sie individuell zugeschnitten werden kann. Auf Kundenwunsch sind alle Schriftarten und -gr\u00f6\u00dfen realisierbar. Ein Folienplotter (Folienschneideger\u00e4t) kann von kleinsten Buchstaben bis hin zu Gro\u00dfformaten alle Vorgaben umsetzen. Und sollte das Format durch die Rollenbreite einmal begrenzt sein, so werden einfach mehrere Einzelteile aneinandergeklebt (vgl. auch <a href=\"http:\/\/www.beschriftung-profi.de\" target=\"_blank\">www.beschriftung-profi.de<\/a>, <a href=\"http:\/\/www.aussenwerbung-profi.de\" target=\"_blank\">www.aussenwerbung-profi.de<\/a> und <a href=\"http:\/\/www.aufkleber-druck-profi.de\" target=\"_blank\">www.aufkleber-druck-profi.de<\/a>).<\/p>\n<p>TODO: Bilder<\/p>\n","protected":false},"excerpt":{"rendered":"<p>Am h\u00e4ufigsten werden Buchstaben aus Papier und Folie eingesetzt. Beide Varianten sind selbstklebend sowohl in Standard- als auch in individuellen<\/p>\n","protected":false},"author":1,"featured_media":0,"parent":0,"menu_order":0,"comment_status":"closed","ping_status":"closed","template":"","meta":{"footnotes":""},"_links":{"self":[{"href":"http:\/\/www.buchstaben-profi.de\/index.php?rest_route=\/wp\/v2\/pages\/171"}],"collection":[{"href":"http:\/\/www.buchstaben-profi.de\/index.php?rest_route=\/wp\/v2\/pages"}],"about":[{"href":"http:\/\/www.buchstaben-profi.de\/index.php?rest_route=\/wp\/v2\/types\/page"}],"author":[{"embeddable":true,"href":"http:\/\/www.buchstaben-profi.de\/index.php?rest_route=\/wp\/v2\/users\/1"}],"replies":[{"embeddable":true,"href":"http:\/\/www.buchstaben-profi.de\/index.php?rest_route=%2Fwp%2Fv2%2Fcomments&post=171"}],"version-history":[{"count":10,"href":"http:\/\/www.buchstaben-profi.de\/index.php?rest_route=\/wp\/v2\/pages\/171\/revisions"}],"predecessor-version":[{"id":418,"href":"http:\/\/www.buchstaben-profi.de\/index.php?rest_route=\/wp\/v2\/pages\/171\/revisions\/418"}],"wp:attachment":[{"href":"http:\/\/www.buchstaben-profi.de\/index.php?rest_route=%2Fwp%2Fv2%2Fmedia&parent=171"}],"curies":[{"name":"wp","href":"https:\/\/api.w.org\/{rel}","templated":true}]}}